{"id":177,"date":"2023-05-03T17:53:29","date_gmt":"2023-05-03T15:53:29","guid":{"rendered":"https:\/\/www.chateaucols.com\/?page_id=177"},"modified":"2023-07-31T21:43:30","modified_gmt":"2023-07-31T19:43:30","slug":"histoire","status":"publish","type":"page","link":"https:\/\/www.chateaucols.com\/de\/histoire\/","title":{"rendered":"Histoire"},"content":{"rendered":"<p>[et_pb_section fb_built=&#8220;1&#8243; fullwidth=&#8220;on&#8220; disabled_on=&#8220;on|on|off&#8220; _builder_version=&#8220;4.20.4&#8243; _module_preset=&#8220;default&#8220; locked=&#8220;off&#8220; global_colors_info=&#8220;{}&#8220;][et_pb_fullwidth_image title_text=&#8220;ChateauDeCols&#8220; _builder_version=&#8220;4.20.4&#8243; _module_preset=&#8220;default&#8220; background_color=&#8220;#555555&#8243; height=&#8220;130px&#8220; global_colors_info=&#8220;{}&#8220;][\/et_pb_fullwidth_image][\/et_pb_section][et_pb_section fb_built=&#8220;1&#8243; _builder_version=&#8220;4.20.4&#8243; _module_preset=&#8220;default&#8220; custom_padding=&#8220;||0px|||&#8220; global_colors_info=&#8220;{}&#8220;][et_pb_row _builder_version=&#8220;4.20.4&#8243; _module_preset=&#8220;default&#8220; module_alignment=&#8220;center&#8220; custom_padding=&#8220;40px||60px||false|false&#8220; global_colors_info=&#8220;{}&#8220;][et_pb_column type=&#8220;4_4&#8243; _builder_version=&#8220;4.20.4&#8243; _module_preset=&#8220;default&#8220; global_colors_info=&#8220;{}&#8220;][et_pb_text _builder_version=&#8220;4.21.0&#8243; _module_preset=&#8220;default&#8220; text_text_color=&#8220;#555555&#8243; content_de_de=&#8220;<\/p>\n<h1 style=%22text-align: center;%22><span class=%22HwtZe%22 jsaction=%22mouseup:Sxi9L,BR6jm; mousedown:qjlr0e%22 jsname=%22jqKxS%22 lang=%22de%22><span jsaction=%22agoMJf:PFBcW;MZfLnc:P7O7bd;nt4Alf:pvnm0e,pfE8Hb,PFBcW;B01qod:dJXsye;H1e5u:iXtTIf;lYIUJf:hij5Wb;bmeZHc:iURhpf;Oxj3Xe:qAKMYb,yaf12d%22 jsname=%22txFAF%22 class=%22jCAhz ChMk0b%22 jscontroller=%22Gn4SMb%22><span class=%22ryNqvb%22 jsaction=%22click:E6Tfl,GFf3ac,tMZCfe; contextmenu:Nqw7Te,QP7LD; mouseout:Nqw7Te; mouseover:E6Tfl,c2aHje%22 jsname=%22W297wb%22>Geschichte<\/span><\/span><\/span><\/h1>\n<p>&#8220; content_en_us=&#8220;<\/p>\n<h1 style=%22text-align: center;%22><span class=%22HwtZe%22 jsaction=%22mouseup:Sxi9L,BR6jm; mousedown:qjlr0e%22 jsname=%22jqKxS%22 lang=%22en%22><span jsaction=%22agoMJf:PFBcW;MZfLnc:P7O7bd;nt4Alf:pvnm0e,pfE8Hb,PFBcW;B01qod:dJXsye;H1e5u:iXtTIf;lYIUJf:hij5Wb;bmeZHc:iURhpf;Oxj3Xe:qAKMYb,yaf12d%22 jsname=%22txFAF%22 class=%22jCAhz ChMk0b%22 jscontroller=%22Gn4SMb%22><span class=%22ryNqvb%22 jsaction=%22click:E6Tfl,GFf3ac,tMZCfe; contextmenu:Nqw7Te,QP7LD; mouseout:Nqw7Te; mouseover:E6Tfl,c2aHje%22 jsname=%22W297wb%22>History<\/span><\/span><\/span><\/h1>\n<p>&#8220; global_colors_info=&#8220;{}&#8220;]<\/p>\n<h1 style=\"text-align: center;\">Histoire<\/h1>\n<p>[\/et_pb_text][et_pb_text _builder_version=&#8220;4.21.0&#8243; _module_preset=&#8220;default&#8220; text_text_color=&#8220;#555555&#8243; text_font_size=&#8220;18px&#8220; text_line_height=&#8220;1.8em&#8220; width=&#8220;70%&#8220; module_alignment=&#8220;center&#8220; hover_enabled=&#8220;0&#8243; content_de_de=&#8220;<\/p>\n<p>Der urspr\u00fcngliche Name dieser L\u00e4ndereien war \u201eMas de Cols\u201c. Vor 1324 geh\u00f6rten Sie Geoffroy de Pons und Isabelle de Rodez, der Vicomtesse von Carlat. Urkundlich wurde das Ch\u00e2teau erstmals 1324 erw\u00e4hnt. Damals vermutlich nicht mehr als ein rustikales Landhaus wurde es im Zuge der Jahrhunderte bis zur heutigen Gr\u00f6\u00dfe erweitert. Ende des 17. Jahrhunderts geh\u00f6rte es Guillaume de La Volpilliere, dem Herrn von Lacombe und seiner Frau Santoul. Zahlreiche Besitzerwechsel folgten. Auf dieses Juwel stie\u00dfen die beiden derzeitigen Eigent\u00fcmer im Jahr 2020. Nach umfassender Renovierung haben diese beschlossen, diesen Ort der Ruhe und Entspannung mit anderen zu teilen und das Schloss zur Ferienvermietung freigegeben.<\/p>\n<p>&#8220; content_en_us=&#8220;<\/p>\n<p>The original name of this place was \u201cMas de Cols\u201d. Before 1324 it belonged to Geoffroy de Pons and Isabelle de Rodez, Viscountess of Carlat. The ch\u00e2teau was first mentioned in documents in 1324. At that time probably no more than a rustic country house, it was expanded over the centuries to its current size. At the end of the 17th century it belonged to Guillaume de La Volpilliere, lord of Lacombe and his wife Santoul. Numerous changes of ownership followed. The current owners stumbled upon this gem in 2020. After extensive renovations, they decided to share this place of calm and relaxation with others and released the Chateau for vacation rentals.<\/p>\n<p>&#8220; global_colors_info=&#8220;{}&#8220; sticky_enabled=&#8220;0&#8243;]<\/p>\n<p>Le nom originel de ces terres \u00e9tait \u00ab Mas de Cols \u00bb. Avant 1324, elles appartenaient \u00e0 Geoffroy de Pons et \u00e0 Isabelle de Rodez, vicomtesse de Carlat. Le lieu est mentionn\u00e9 pour la premi\u00e8re fois dans des documents datant de 1324. \u00c0 cette \u00e9poque, elle n\u2019\u00e9tait probablement qu\u2019une belle maison rustique. Le ch\u00e2teau a connu de nombreuses modifications au cours des si\u00e8cles jusqu\u2019\u00e0 sa taille actuelle. \u00c0 la fin du XVIIe si\u00e8cle, il appartenait \u00e0 Guillaume de La Volpilli\u00e8re, seigneur de Lacombe et \u00e0 son \u00e9pouse Santoul. De nombreux propri\u00e9taires ont s\u00e9journ\u00e9 au ch\u00e2teau au cours des si\u00e8cles. Les deux propri\u00e9taires actuels sont tomb\u00e9s sur ce bijou en 2020.<br \/>Apr\u00e8s d\u2019importants travaux de r\u00e9novation, ils d\u00e9cident de partager ce lieu de repos et de d\u00e9tente avec d\u2019autres personnes et ainsi, le mettre \u00e0 disposition pour des locations de vacances.<\/p>\n<p>[\/et_pb_text][\/et_pb_column][\/et_pb_row][\/et_pb_section][et_pb_section fb_built=&#8220;1&#8243; _builder_version=&#8220;4.20.4&#8243; _module_preset=&#8220;default&#8220; width=&#8220;90%&#8220; max_width=&#8220;90%&#8220; module_alignment=&#8220;center&#8220; custom_margin=&#8220;||||false|false&#8220; custom_padding=&#8220;0px||0px||true|false&#8220; locked=&#8220;off&#8220; global_colors_info=&#8220;{}&#8220;][et_pb_row column_structure=&#8220;1_2,1_2&#8243; use_custom_gutter=&#8220;on&#8220; gutter_width=&#8220;2&#8243; admin_label=&#8220;Ligne&#8220; _builder_version=&#8220;4.20.4&#8243; _module_preset=&#8220;default&#8220; width=&#8220;90%&#8220; max_width=&#8220;90%&#8220; module_alignment=&#8220;center&#8220; custom_padding=&#8220;||0px||false|false&#8220; global_colors_info=&#8220;{}&#8220;][et_pb_column type=&#8220;1_2&#8243; _builder_version=&#8220;4.20.4&#8243; _module_preset=&#8220;default&#8220; global_colors_info=&#8220;{}&#8220;][et_pb_image src=&#8220;https:\/\/www.chateaucols.com\/wp-content\/uploads\/2023\/05\/ChateauDeCols_Sud-ouest_Andre-Muzac.jpg&#8220; title_text=&#8220;ChateauDeCols_Sud-ouest_Andre\u0301-Muzac&#8220; show_in_lightbox=&#8220;on&#8220; use_overlay=&#8220;on&#8220; overlay_icon_color=&#8220;#FFFFFF&#8220; hover_overlay_color=&#8220;rgba(85,85,85,0.75)&#8220; hover_icon=&#8220;&#x55;||divi||400&#8243; _builder_version=&#8220;4.20.4&#8243; _module_preset=&#8220;default&#8220; width=&#8220;100%&#8220; max_width=&#8220;100%&#8220; global_colors_info=&#8220;{}&#8220;][\/et_pb_image][\/et_pb_column][et_pb_column type=&#8220;1_2&#8243; _builder_version=&#8220;4.20.4&#8243; _module_preset=&#8220;default&#8220; global_colors_info=&#8220;{}&#8220;][et_pb_image src=&#8220;https:\/\/www.chateaucols.com\/wp-content\/uploads\/2023\/05\/ChateauDeCols_Sud-ouest_Delprat.jpg&#8220; title_text=&#8220;ChateauDeCols_Sud-ouest_Delprat&#8220; show_in_lightbox=&#8220;on&#8220; use_overlay=&#8220;on&#8220; overlay_icon_color=&#8220;#FFFFFF&#8220; hover_overlay_color=&#8220;rgba(85,85,85,0.75)&#8220; hover_icon=&#8220;&#x55;||divi||400&#8243; admin_label=&#8220;Image&#8220; _builder_version=&#8220;4.20.4&#8243; _module_preset=&#8220;default&#8220; width=&#8220;100%&#8220; max_width=&#8220;100%&#8220; global_colors_info=&#8220;{}&#8220;][\/et_pb_image][\/et_pb_column][\/et_pb_row][et_pb_row column_structure=&#8220;1_2,1_2&#8243; use_custom_gutter=&#8220;on&#8220; gutter_width=&#8220;2&#8243; admin_label=&#8220;Ligne&#8220; _builder_version=&#8220;4.20.4&#8243; _module_preset=&#8220;default&#8220; width=&#8220;90%&#8220; max_width=&#8220;90%&#8220; module_alignment=&#8220;center&#8220; custom_padding=&#8220;||34px||false|false&#8220; global_colors_info=&#8220;{}&#8220;][et_pb_column type=&#8220;1_2&#8243; _builder_version=&#8220;4.20.4&#8243; _module_preset=&#8220;default&#8220; global_colors_info=&#8220;{}&#8220;][et_pb_image src=&#8220;https:\/\/www.chateaucols.com\/wp-content\/uploads\/2023\/05\/ChateauDeCols_Nord-ouest_Andre-Muzac.jpg&#8220; title_text=&#8220;ChateauDeCols_Nord-ouest_Andre\u0301-Muzac&#8220; show_in_lightbox=&#8220;on&#8220; use_overlay=&#8220;on&#8220; overlay_icon_color=&#8220;#FFFFFF&#8220; hover_overlay_color=&#8220;rgba(85,85,85,0.75)&#8220; hover_icon=&#8220;&#x55;||divi||400&#8243; _builder_version=&#8220;4.20.4&#8243; _module_preset=&#8220;default&#8220; width=&#8220;100%&#8220; max_width=&#8220;100%&#8220; global_colors_info=&#8220;{}&#8220;][\/et_pb_image][\/et_pb_column][et_pb_column type=&#8220;1_2&#8243; _builder_version=&#8220;4.20.4&#8243; _module_preset=&#8220;default&#8220; global_colors_info=&#8220;{}&#8220;][et_pb_image src=&#8220;https:\/\/www.chateaucols.com\/wp-content\/uploads\/2023\/05\/ChateauDeCols_Nord-ouest_Delprat.jpg&#8220; title_text=&#8220;ChateauDeCols_Nord-ouest_Delprat&#8220; show_in_lightbox=&#8220;on&#8220; use_overlay=&#8220;on&#8220; overlay_icon_color=&#8220;#FFFFFF&#8220; hover_overlay_color=&#8220;rgba(85,85,85,0.75)&#8220; hover_icon=&#8220;&#x55;||divi||400&#8243; admin_label=&#8220;Image&#8220; _builder_version=&#8220;4.20.4&#8243; _module_preset=&#8220;default&#8220; width=&#8220;100%&#8220; max_width=&#8220;100%&#8220; global_colors_info=&#8220;{}&#8220;][\/et_pb_image][\/et_pb_column][\/et_pb_row][\/et_pb_section][et_pb_section fb_built=&#8220;1&#8243; _builder_version=&#8220;4.20.4&#8243; _module_preset=&#8220;default&#8220; custom_padding=&#8220;0px||0px|||&#8220; global_colors_info=&#8220;{}&#8220;][et_pb_row _builder_version=&#8220;4.20.4&#8243; _module_preset=&#8220;default&#8220; module_alignment=&#8220;center&#8220; custom_padding=&#8220;40px||60px||false|false&#8220; global_colors_info=&#8220;{}&#8220;][et_pb_column type=&#8220;4_4&#8243; _builder_version=&#8220;4.20.4&#8243; _module_preset=&#8220;default&#8220; global_colors_info=&#8220;{}&#8220;][et_pb_text _builder_version=&#8220;4.21.0&#8243; _module_preset=&#8220;default&#8220; text_text_color=&#8220;#555555&#8243; text_font_size=&#8220;18px&#8220; text_line_height=&#8220;1.8em&#8220; width=&#8220;70%&#8220; module_alignment=&#8220;center&#8220; global_colors_info=&#8220;{}&#8220;]<\/p>\n<h6 style=\"text-align: center;\">\u00a9 Archives d\u00e9partementales du Cantal &#8211; Andre\u0301 Muzac, Delprat<\/h6>\n<p>[\/et_pb_text][\/et_pb_column][\/et_pb_row][\/et_pb_section]<\/p>\n","protected":false},"excerpt":{"rendered":"<p>HistoireLe nom originel de ces terres \u00e9tait \u00ab Mas de Cols \u00bb. Avant 1324, elles appartenaient \u00e0 Geoffroy de Pons et \u00e0 Isabelle de Rodez, vicomtesse de Carlat. Le lieu est mentionn\u00e9 pour la premi\u00e8re fois dans des documents datant de 1324. \u00c0 cette \u00e9poque, elle n\u2019\u00e9tait probablement qu\u2019une belle maison rustique. Le ch\u00e2teau a connu de nombreuses modifications au cours des si\u00e8cles jusqu\u2019\u00e0 sa taille actuelle. \u00c0 la fin du XVIIe si\u00e8cle, il appartenait \u00e0 Guillaume de La Volpilli\u00e8re, seigneur de Lacombe et \u00e0 son \u00e9pouse Santoul. De nombreux propri\u00e9taires ont s\u00e9journ\u00e9 au ch\u00e2teau au cours des si\u00e8cles. Les deux propri\u00e9taires actuels sont tomb\u00e9s sur ce bijou en 2020.Apr\u00e8s d\u2019importants travaux de r\u00e9novation, ils d\u00e9cident de partager ce lieu de repos et de d\u00e9tente avec d\u2019autres personnes et ainsi, le mettre \u00e0 disposition pour des locations de vacances.\u00a9 Archives d\u00e9partementales du Cantal &#8211; Andre\u0301 Muzac, Delprat<\/p>\n","protected":false},"author":1,"featured_media":0,"parent":0,"menu_order":0,"comment_status":"closed","ping_status":"closed","template":"","meta":{"_et_pb_use_builder":"on","_et_pb_old_content":"","_et_gb_content_width":"","footnotes":""},"class_list":["post-177","page","type-page","status-publish","hentry"],"yoast_head":"<!-- This site is optimized with the Yoast SEO plugin v27.4 - https:\/\/yoast.com\/product\/yoast-seo-wordpress\/ -->\n<title>Histoire<\/title>\n<meta name=\"description\" content=\"[et_pb_section fb_built=&quot;1&quot; fullwidth=&quot;on&quot; disabled_on=&quot;on|on|off&quot; _builder_version=&quot;4.20.4&quot; _module_preset=&quot;default&quot; locked=&quot;off&quot; global_colors_info=&quot;{}&quot;][et_pb_fullwidth_image title_text=&quot;ChateauDeCols&quot; _builder_version=&quot;4.20.4&quot; _module_preset=&quot;default&quot; background_color=&quot;#555555&quot; height=&quot;130px&quot; global_colors_info=&quot;{}&quot;][\/et_pb_fullwidth_image][\/et_pb_section][et_pb_section fb_built=&quot;1&quot; _builder_version=&quot;4.20.4&quot; _module_preset=&quot;default&quot; custom_padding=&quot;||0px|||&quot; global_colors_info=&quot;{}&quot;][et_pb_row _builder_version=&quot;4.20.4&quot; _module_preset=&quot;default&quot; module_alignment=&quot;center&quot; custom_padding=&quot;40px||60px||false|false&quot; global_colors_info=&quot;{}&quot;][et_pb_column type=&quot;4_4&quot; _builder_version=&quot;4.20.4&quot; _module_preset=&quot;default&quot; global_colors_info=&quot;{}&quot;][et_pb_text _builder_version=&quot;4.21.0&quot; _module_preset=&quot;default&quot; text_text_color=&quot;#555555&quot; content_de_de=&quot;Geschichte&quot; content_en_us=&quot;History&quot; global_colors_info=&quot;{}&quot;]Histoire[\/et_pb_text][et_pb_text _builder_version=&quot;4.21.0&quot; _module_preset=&quot;default&quot; text_text_color=&quot;#555555&quot; text_font_size=&quot;18px&quot; text_line_height=&quot;1.8em&quot; width=&quot;70%&quot; module_alignment=&quot;center&quot; hover_enabled=&quot;0&quot; content_de_de=&quot;Der urspr\u00fcngliche Name dieser L\u00e4ndereien war \u201eMas de Cols\u201c. Vor 1324 geh\u00f6rten Sie&hellip;\" \/>\n<meta name=\"robots\" content=\"index, follow, max-snippet:-1, max-image-preview:large, max-video-preview:-1\" \/>\n<link rel=\"canonical\" href=\"http:\/\/[et_pb_section%20fb_built=1%20fullwidth=on%20disabled_on=on|on|off%20_builder_version=4.20.4%20_module_preset=default%20locked=off%20global_colors_info=][et_pb_fullwidth_image%20title_text=ChateauDeCols%20_builder_version=4.20.4%20_module_preset=default%20background_color=#555555%20height=130px%20global_colors_info=%5D%5B\/et_pb_fullwidth_image%5D%5B\/et_pb_section%5D%5Bet_pb_section%20fb_built=1%20_builder_version=4.20.4%20_module_preset=default%20custom_padding=||0px|||%20global_colors_info=%5D%5Bet_pb_row%20_builder_version=4.20.4%20_module_preset=default%20module_alignment=center%20custom_padding=40px||60px||false|false%20global_colors_info=%5D%5Bet_pb_column%20type=4_4%20_builder_version=4.20.4%20_module_preset=default%20global_colors_info=%5D%5Bet_pb_text%20_builder_version=4.21.0%20_module_preset=default%20text_text_color=#555555%20content_de_de=Geschichte%20content_en_us=History%20global_colors_info=%5DHistoire%5B\/et_pb_text%5D%5Bet_pb_text%20_builder_version=4.21.0%20_module_preset=default%20text_text_color=#555555%20text_font_size=18px%20text_line_height=1.8em%20width=70%%20module_alignment=center%20hover_enabled=0%20content_de_de=Der%20urspr\u00fcngliche%20Name%20dieser%20L\u00e4ndereien%20war%20\u201eMas%20de%20Cols\u201c.%20Vor%201324%20geh\u00f6rten%20Sie&hellip;\" \/>\n<meta property=\"og:locale\" content=\"de_DE\" \/>\n<meta property=\"og:type\" content=\"article\" \/>\n<meta property=\"og:title\" content=\"Histoire\" \/>\n<meta property=\"og:description\" content=\"[et_pb_section fb_built=&quot;1&quot; fullwidth=&quot;on&quot; disabled_on=&quot;on|on|off&quot; _builder_version=&quot;4.20.4&quot; _module_preset=&quot;default&quot; locked=&quot;off&quot; global_colors_info=&quot;{}&quot;][et_pb_fullwidth_image title_text=&quot;ChateauDeCols&quot; _builder_version=&quot;4.20.4&quot; _module_preset=&quot;default&quot; background_color=&quot;#555555&quot; height=&quot;130px&quot; global_colors_info=&quot;{}&quot;][\/et_pb_fullwidth_image][\/et_pb_section][et_pb_section fb_built=&quot;1&quot; _builder_version=&quot;4.20.4&quot; _module_preset=&quot;default&quot; custom_padding=&quot;||0px|||&quot; global_colors_info=&quot;{}&quot;][et_pb_row _builder_version=&quot;4.20.4&quot; _module_preset=&quot;default&quot; module_alignment=&quot;center&quot; custom_padding=&quot;40px||60px||false|false&quot; global_colors_info=&quot;{}&quot;][et_pb_column type=&quot;4_4&quot; _builder_version=&quot;4.20.4&quot; _module_preset=&quot;default&quot; global_colors_info=&quot;{}&quot;][et_pb_text _builder_version=&quot;4.21.0&quot; _module_preset=&quot;default&quot; text_text_color=&quot;#555555&quot; content_de_de=&quot;Geschichte&quot; content_en_us=&quot;History&quot; global_colors_info=&quot;{}&quot;]Histoire[\/et_pb_text][et_pb_text _builder_version=&quot;4.21.0&quot; _module_preset=&quot;default&quot; text_text_color=&quot;#555555&quot; text_font_size=&quot;18px&quot; text_line_height=&quot;1.8em&quot; width=&quot;70%&quot; module_alignment=&quot;center&quot; hover_enabled=&quot;0&quot; content_de_de=&quot;Der urspr\u00fcngliche Name dieser L\u00e4ndereien war \u201eMas de Cols\u201c. Vor 1324 geh\u00f6rten Sie&hellip;\" \/>\n<meta property=\"og:url\" content=\"https:\/\/www.chateaucols.com\/de\/histoire\/\" \/>\n<meta property=\"og:site_name\" content=\"Chateau de Cols\" \/>\n<meta property=\"article:modified_time\" content=\"2023-07-31T19:43:30+00:00\" \/>\n<meta property=\"og:image\" content=\"https:\/\/www.chateaucols.com\/wp-content\/uploads\/2023\/10\/ChateauDeCols.jpg\" \/>\n\t<meta property=\"og:image:width\" content=\"1200\" \/>\n\t<meta property=\"og:image:height\" content=\"675\" \/>\n\t<meta property=\"og:image:type\" content=\"image\/jpeg\" \/>\n<meta name=\"twitter:card\" content=\"summary_large_image\" \/>\n<script type=\"application\/ld+json\" class=\"yoast-schema-graph\">{\"@context\":\"https:\\\/\\\/schema.org\",\"@graph\":[{\"@type\":\"WebPage\",\"@id\":\"https:\\\/\\\/www.chateaucols.com\\\/de\\\/histoire\\\/\",\"url\":\"https:\\\/\\\/www.chateaucols.com\\\/de\\\/histoire\\\/\",\"name\":\"Histoire - Chateau de Cols\",\"isPartOf\":{\"@id\":\"https:\\\/\\\/www.chateaucols.com\\\/#website\"},\"datePublished\":\"2023-05-03T15:53:29+00:00\",\"dateModified\":\"2023-07-31T19:43:30+00:00\",\"inLanguage\":\"de\",\"potentialAction\":[{\"@type\":\"ReadAction\",\"target\":[\"https:\\\/\\\/www.chateaucols.com\\\/de\\\/histoire\\\/\"]}]},{\"@type\":\"WebSite\",\"@id\":\"https:\\\/\\\/www.chateaucols.com\\\/de\\\/#website\",\"url\":\"https:\\\/\\\/www.chateaucols.com\\\/de\\\/\",\"name\":\"Chateau de Cols\",\"description\":\"Site de pr\u00e9sentation du ch\u00e2teau de Cols \u00e0 Junhac au centre de l&#039;Auvergne\",\"potentialAction\":[{\"@type\":\"SearchAction\",\"target\":{\"@type\":\"EntryPoint\",\"urlTemplate\":\"https:\\\/\\\/www.chateaucols.com\\\/de\\\/?s={search_term_string}\"},\"query-input\":{\"@type\":\"PropertyValueSpecification\",\"valueRequired\":true,\"valueName\":\"search_term_string\"}}],\"inLanguage\":\"de\"}]}<\/script>\n<!-- \/ Yoast SEO plugin. -->","yoast_head_json":{"title":"Histoire","description":"[et_pb_section fb_built=\"1\" fullwidth=\"on\" disabled_on=\"on|on|off\" _builder_version=\"4.20.4\" _module_preset=\"default\" locked=\"off\" global_colors_info=\"{}\"][et_pb_fullwidth_image title_text=\"ChateauDeCols\" _builder_version=\"4.20.4\" _module_preset=\"default\" background_color=\"#555555\" height=\"130px\" global_colors_info=\"{}\"][\/et_pb_fullwidth_image][\/et_pb_section][et_pb_section fb_built=\"1\" _builder_version=\"4.20.4\" _module_preset=\"default\" custom_padding=\"||0px|||\" global_colors_info=\"{}\"][et_pb_row _builder_version=\"4.20.4\" _module_preset=\"default\" module_alignment=\"center\" custom_padding=\"40px||60px||false|false\" global_colors_info=\"{}\"][et_pb_column type=\"4_4\" _builder_version=\"4.20.4\" _module_preset=\"default\" global_colors_info=\"{}\"][et_pb_text _builder_version=\"4.21.0\" _module_preset=\"default\" text_text_color=\"#555555\" content_de_de=\"Geschichte\" content_en_us=\"History\" global_colors_info=\"{}\"]Histoire[\/et_pb_text][et_pb_text _builder_version=\"4.21.0\" _module_preset=\"default\" text_text_color=\"#555555\" text_font_size=\"18px\" text_line_height=\"1.8em\" width=\"70%\" module_alignment=\"center\" hover_enabled=\"0\" content_de_de=\"Der urspr\u00fcngliche Name dieser L\u00e4ndereien war \u201eMas de Cols\u201c. Vor 1324 geh\u00f6rten Sie&hellip;","robots":{"index":"index","follow":"follow","max-snippet":"max-snippet:-1","max-image-preview":"max-image-preview:large","max-video-preview":"max-video-preview:-1"},"canonical":"[et_pb_section fb_built=\"1\" fullwidth=\"on\" disabled_on=\"on|on|off\" _builder_version=\"4.20.4\" _module_preset=\"default\" locked=\"off\" global_colors_info=\"{}\"][et_pb_fullwidth_image title_text=\"ChateauDeCols\" _builder_version=\"4.20.4\" _module_preset=\"default\" background_color=\"#555555\" height=\"130px\" global_colors_info=\"{}\"][\/et_pb_fullwidth_image][\/et_pb_section][et_pb_section fb_built=\"1\" _builder_version=\"4.20.4\" _module_preset=\"default\" custom_padding=\"||0px|||\" global_colors_info=\"{}\"][et_pb_row _builder_version=\"4.20.4\" _module_preset=\"default\" module_alignment=\"center\" custom_padding=\"40px||60px||false|false\" global_colors_info=\"{}\"][et_pb_column type=\"4_4\" _builder_version=\"4.20.4\" _module_preset=\"default\" global_colors_info=\"{}\"][et_pb_text _builder_version=\"4.21.0\" _module_preset=\"default\" text_text_color=\"#555555\" content_de_de=\"Geschichte\" content_en_us=\"History\" global_colors_info=\"{}\"]Histoire[\/et_pb_text][et_pb_text _builder_version=\"4.21.0\" _module_preset=\"default\" text_text_color=\"#555555\" text_font_size=\"18px\" text_line_height=\"1.8em\" width=\"70%\" module_alignment=\"center\" hover_enabled=\"0\" content_de_de=\"Der urspr\u00fcngliche Name dieser L\u00e4ndereien war \u201eMas de Cols\u201c. Vor 1324 geh\u00f6rten Sie&hellip;","og_locale":"de_DE","og_type":"article","og_title":"Histoire","og_description":"[et_pb_section fb_built=\"1\" fullwidth=\"on\" disabled_on=\"on|on|off\" _builder_version=\"4.20.4\" _module_preset=\"default\" locked=\"off\" global_colors_info=\"{}\"][et_pb_fullwidth_image title_text=\"ChateauDeCols\" _builder_version=\"4.20.4\" _module_preset=\"default\" background_color=\"#555555\" height=\"130px\" global_colors_info=\"{}\"][\/et_pb_fullwidth_image][\/et_pb_section][et_pb_section fb_built=\"1\" _builder_version=\"4.20.4\" _module_preset=\"default\" custom_padding=\"||0px|||\" global_colors_info=\"{}\"][et_pb_row _builder_version=\"4.20.4\" _module_preset=\"default\" module_alignment=\"center\" custom_padding=\"40px||60px||false|false\" global_colors_info=\"{}\"][et_pb_column type=\"4_4\" _builder_version=\"4.20.4\" _module_preset=\"default\" global_colors_info=\"{}\"][et_pb_text _builder_version=\"4.21.0\" _module_preset=\"default\" text_text_color=\"#555555\" content_de_de=\"Geschichte\" content_en_us=\"History\" global_colors_info=\"{}\"]Histoire[\/et_pb_text][et_pb_text _builder_version=\"4.21.0\" _module_preset=\"default\" text_text_color=\"#555555\" text_font_size=\"18px\" text_line_height=\"1.8em\" width=\"70%\" module_alignment=\"center\" hover_enabled=\"0\" content_de_de=\"Der urspr\u00fcngliche Name dieser L\u00e4ndereien war \u201eMas de Cols\u201c. Vor 1324 geh\u00f6rten Sie&hellip;","og_url":"https:\/\/www.chateaucols.com\/de\/histoire\/","og_site_name":"Chateau de Cols","article_modified_time":"2023-07-31T19:43:30+00:00","og_image":[{"width":1200,"height":675,"url":"https:\/\/www.chateaucols.com\/wp-content\/uploads\/2023\/10\/ChateauDeCols.jpg","type":"image\/jpeg"}],"twitter_card":"summary_large_image","schema":{"@context":"https:\/\/schema.org","@graph":[{"@type":"WebPage","@id":"https:\/\/www.chateaucols.com\/de\/histoire\/","url":"https:\/\/www.chateaucols.com\/de\/histoire\/","name":"Histoire - Chateau de Cols","isPartOf":{"@id":"https:\/\/www.chateaucols.com\/#website"},"datePublished":"2023-05-03T15:53:29+00:00","dateModified":"2023-07-31T19:43:30+00:00","inLanguage":"de","potentialAction":[{"@type":"ReadAction","target":["https:\/\/www.chateaucols.com\/de\/histoire\/"]}]},{"@type":"WebSite","@id":"https:\/\/www.chateaucols.com\/de\/#website","url":"https:\/\/www.chateaucols.com\/de\/","name":"Chateau de Cols","description":"Site de pr\u00e9sentation du ch\u00e2teau de Cols \u00e0 Junhac au centre de l&#039;Auvergne","potentialAction":[{"@type":"SearchAction","target":{"@type":"EntryPoint","urlTemplate":"https:\/\/www.chateaucols.com\/de\/?s={search_term_string}"},"query-input":{"@type":"PropertyValueSpecification","valueRequired":true,"valueName":"search_term_string"}}],"inLanguage":"de"}]}},"_links":{"self":[{"href":"https:\/\/www.chateaucols.com\/de\/wp-json\/wp\/v2\/pages\/177","targetHints":{"allow":["GET"]}}],"collection":[{"href":"https:\/\/www.chateaucols.com\/de\/wp-json\/wp\/v2\/pages"}],"about":[{"href":"https:\/\/www.chateaucols.com\/de\/wp-json\/wp\/v2\/types\/page"}],"author":[{"embeddable":true,"href":"https:\/\/www.chateaucols.com\/de\/wp-json\/wp\/v2\/users\/1"}],"replies":[{"embeddable":true,"href":"https:\/\/www.chateaucols.com\/de\/wp-json\/wp\/v2\/comments?post=177"}],"version-history":[{"count":11,"href":"https:\/\/www.chateaucols.com\/de\/wp-json\/wp\/v2\/pages\/177\/revisions"}],"predecessor-version":[{"id":922,"href":"https:\/\/www.chateaucols.com\/de\/wp-json\/wp\/v2\/pages\/177\/revisions\/922"}],"wp:attachment":[{"href":"https:\/\/www.chateaucols.com\/de\/wp-json\/wp\/v2\/media?parent=177"}],"curies":[{"name":"wp","href":"https:\/\/api.w.org\/{rel}","templated":true}]}}